{"id":1296,"date":"2017-09-15T15:01:52","date_gmt":"2017-09-15T13:01:52","guid":{"rendered":"http:\/\/feuerwehr.duens.at\/?page_id=1296"},"modified":"2017-09-18T09:14:57","modified_gmt":"2017-09-18T07:14:57","slug":"bekleidung","status":"publish","type":"page","link":"https:\/\/feuerwehr.duens.at\/?page_id=1296","title":{"rendered":"Bekleidung"},"content":{"rendered":"<h3>Einsatzjacke: S-GARD Advance Progress<\/h3>\n<table style=\"height: 308px;\" width=\"800\">\n<tbody>\n<tr>\n<td width=\"200\"><strong><img loading=\"lazy\" decoding=\"async\" class=\"wp-image-1298 aligncenter\" src=\"http:\/\/feuerwehr.duens.at\/wp-content\/uploads\/2017\/09\/2017-09-01_10h19_01-289x300.png\" alt=\"\" width=\"339\" height=\"352\" srcset=\"https:\/\/feuerwehr.duens.at\/wp-content\/uploads\/2017\/09\/2017-09-01_10h19_01-289x300.png 289w, https:\/\/feuerwehr.duens.at\/wp-content\/uploads\/2017\/09\/2017-09-01_10h19_01.png 536w\" sizes=\"auto, (max-width: 339px) 100vw, 339px\" \/><\/strong><\/td>\n<td width=\"150\">\n<h3>Steckbrief<\/h3>\n<p><strong>Obergewebe&nbsp;&nbsp;&nbsp;&nbsp; <\/strong>DuPont\u2122 Nomex\u00ae Tough<\/p>\n<p><strong>N\u00e4ssesperre\/ Isolation\/ Innenfutter&nbsp;<\/strong>&nbsp;&nbsp;&nbsp;&nbsp;&nbsp; GORE-TEX\u00ae FIREBLOCKER\u00ae, Spezialgewebe<\/p>\n<h3>Highlights<\/h3>\n<ul>\n<li>Schulterprotektoren<\/li>\n<li>H\u00f6henverstellbare Funkger\u00e4tetasche<\/li>\n<li>Lampenhalterung mit Karabinersicherung<\/li>\n<li>Strickb\u00fcndchen mit ITC System&nbsp;<\/li>\n<li>Verl\u00e4ngertes R\u00fcckenteil<\/li>\n<li>2 Revisions\u00f6ffnungen<\/li>\n<\/ul>\n<\/td>\n<\/tr>\n<\/tbody>\n<\/table>\n<h3>Einsatzhose: S-GARD Advance Progress<\/h3>\n<table style=\"height: 308px;\" width=\"800\">\n<tbody>\n<tr>\n<td width=\"200\"><img loading=\"lazy\" decoding=\"async\" class=\"wp-image-1299 aligncenter\" src=\"http:\/\/feuerwehr.duens.at\/wp-content\/uploads\/2017\/09\/2017-09-01_10h19_09-129x300.png\" alt=\"\" width=\"172\" height=\"400\" srcset=\"https:\/\/feuerwehr.duens.at\/wp-content\/uploads\/2017\/09\/2017-09-01_10h19_09-129x300.png 129w, https:\/\/feuerwehr.duens.at\/wp-content\/uploads\/2017\/09\/2017-09-01_10h19_09.png 251w\" sizes=\"auto, (max-width: 172px) 100vw, 172px\" \/><\/td>\n<td width=\"150\">\n<h3>Steckbrief<\/h3>\n<p><strong>Obergewebe&nbsp;&nbsp;&nbsp;&nbsp; <\/strong>DuPont\u2122 Nomex\u00ae Tough<\/p>\n<p><strong>N\u00e4ssesperre\/ Isolation\/ Innenfutter&nbsp;<\/strong>&nbsp;&nbsp;&nbsp;&nbsp;&nbsp; GORE-TEX\u00ae FIREBLOCKER\u00ae, Spezialgewebe<\/p>\n<h3>Highlights<\/h3>\n<ul>\n<li>Fest installiertes Komfort-Tr\u00e4gersystem<\/li>\n<li>2 Durchgriffe mit integrierter Tasche<\/li>\n<li>Beinweitenverstellung<\/li>\n<li>2 Revisions\u00f6ffnungen<\/li>\n<\/ul>\n<\/td>\n<\/tr>\n<\/tbody>\n<\/table>\n<h3>Helm: Heros titan<\/h3>\n<table style=\"height: 308px;\" width=\"800\">\n<tbody>\n<tr>\n<td width=\"200\"><img loading=\"lazy\" decoding=\"async\" class=\"alignnone wp-image-1306\" src=\"http:\/\/feuerwehr.duens.at\/wp-content\/uploads\/2017\/09\/Heros_Titan_Frei-300x191.png\" alt=\"\" width=\"450\" height=\"287\" srcset=\"https:\/\/feuerwehr.duens.at\/wp-content\/uploads\/2017\/09\/Heros_Titan_Frei-300x191.png 300w, https:\/\/feuerwehr.duens.at\/wp-content\/uploads\/2017\/09\/Heros_Titan_Frei-768x489.png 768w, https:\/\/feuerwehr.duens.at\/wp-content\/uploads\/2017\/09\/Heros_Titan_Frei.png 960w\" sizes=\"auto, (max-width: 450px) 100vw, 450px\" \/><\/td>\n<td width=\"150\">\n<h3>Steckbrief<\/h3>\n<ul>\n<li>Exzellente Stabilit\u00e4t<\/li>\n<li>Minimales Gewicht von ca. 1,3 kg<\/li>\n<li>H\u00f6chster mechanischer Schutz<\/li>\n<li>Optimierter Schwerpunkt<\/li>\n<li>Breites Gr\u00f6\u00dfenspektrum von 49 &#8211; 67<\/li>\n<\/ul>\n<h3>Ausstattung<\/h3>\n<ul>\n<li class=\"ng-binding ng-scope\">Tagesleuchtgelb-nachleuchtend<\/li>\n<li>Gesichtsschutzvisier&nbsp;<\/li>\n<li class=\"ng-binding ng-scope\">Nackenschutz<\/li>\n<li>Helmlampe<\/li>\n<\/ul>\n<\/td>\n<\/tr>\n<\/tbody>\n<\/table>\n<h3>Handschuhe: ESKA Triton 5<\/h3>\n<table style=\"height: 308px;\" width=\"800\">\n<tbody>\n<tr>\n<td width=\"200\"><img loading=\"lazy\" decoding=\"async\" class=\"size-medium wp-image-1490 aligncenter\" src=\"http:\/\/feuerwehr.duens.at\/wp-content\/uploads\/2017\/09\/2017-09-18_08h41_54-212x300.png\" alt=\"\" width=\"212\" height=\"300\" srcset=\"https:\/\/feuerwehr.duens.at\/wp-content\/uploads\/2017\/09\/2017-09-18_08h41_54-212x300.png 212w, https:\/\/feuerwehr.duens.at\/wp-content\/uploads\/2017\/09\/2017-09-18_08h41_54.png 420w\" sizes=\"auto, (max-width: 212px) 100vw, 212px\" \/><\/td>\n<td width=\"150\">\n<h3>Steckbrief<\/h3>\n<ul>\n<li>Insert: GORE-TEX<sup>\u00ae<\/sup>&nbsp;X-TRAFIT<sup>TM<\/sup>&nbsp;Produkttechnologie<\/li>\n<li>Erh\u00e4ltlich mit langer Fire Block Lederstulpe und in kurzer Version mit einem 100% Kevlar\u00ae Strickbund<\/li>\n<li>Der eigens am Handr\u00fccken eingearbeitete feuerresistente Kn\u00f6chelschutzprotektor garantiert dem Verwender auch in Extremsituationen absoluten Schlag- und Sto\u00dfschutz<\/li>\n<li>Das neu entwickelte Schnittschutzfutter aus Kevlar\u00ae mit Stahl-Fiberglas und Silberf\u00e4den verleiht dem Qualit\u00e4tshandschuh zudem eine antibakterielle Wirkung<\/li>\n<li>Durch ESKA\u00ae patentiertes GORE-TEX\u00ae X-TRAFITTM Insert wasserdicht &amp; atmungsaktiv<\/li>\n<\/ul>\n<h3>Ausstattung<\/h3>\n<ul>\n<li class=\"ng-binding ng-scope\">Strickbund<\/li>\n<\/ul>\n<\/td>\n<\/tr>\n<\/tbody>\n<\/table>\n<p>&nbsp;<\/p>\n","protected":false},"excerpt":{"rendered":"<p>Einsatzjacke: S-GARD Advance Progress Steckbrief Obergewebe&nbsp;&nbsp;&nbsp;&nbsp; DuPont\u2122 Nomex\u00ae Tough N\u00e4ssesperre\/ Isolation\/ Innenfutter&nbsp;&nbsp;&nbsp;&nbsp;&nbsp;&nbsp; GORE-TEX\u00ae FIREBLOCKER\u00ae, Spezialgewebe Highlights Schulterprotektoren H\u00f6henverstellbare Funkger\u00e4tetasche Lampenhalterung mit Karabinersicherung Strickb\u00fcndchen mit ITC System&nbsp; Verl\u00e4ngertes R\u00fcckenteil 2 Revisions\u00f6ffnungen &#8230;<\/p>\n","protected":false},"author":2,"featured_media":0,"parent":37,"menu_order":0,"comment_status":"closed","ping_status":"closed","template":"","meta":{"ngg_post_thumbnail":0,"footnotes":""},"class_list":["post-1296","page","type-page","status-publish","hentry"],"_links":{"self":[{"href":"https:\/\/feuerwehr.duens.at\/index.php?rest_route=\/wp\/v2\/pages\/1296","targetHints":{"allow":["GET"]}}],"collection":[{"href":"https:\/\/feuerwehr.duens.at\/index.php?rest_route=\/wp\/v2\/pages"}],"about":[{"href":"https:\/\/feuerwehr.duens.at\/index.php?rest_route=\/wp\/v2\/types\/page"}],"author":[{"embeddable":true,"href":"https:\/\/feuerwehr.duens.at\/index.php?rest_route=\/wp\/v2\/users\/2"}],"replies":[{"embeddable":true,"href":"https:\/\/feuerwehr.duens.at\/index.php?rest_route=%2Fwp%2Fv2%2Fcomments&post=1296"}],"version-history":[{"count":17,"href":"https:\/\/feuerwehr.duens.at\/index.php?rest_route=\/wp\/v2\/pages\/1296\/revisions"}],"predecessor-version":[{"id":1492,"href":"https:\/\/feuerwehr.duens.at\/index.php?rest_route=\/wp\/v2\/pages\/1296\/revisions\/1492"}],"up":[{"embeddable":true,"href":"https:\/\/feuerwehr.duens.at\/index.php?rest_route=\/wp\/v2\/pages\/37"}],"wp:attachment":[{"href":"https:\/\/feuerwehr.duens.at\/index.php?rest_route=%2Fwp%2Fv2%2Fmedia&parent=1296"}],"curies":[{"name":"wp","href":"https:\/\/api.w.org\/{rel}","templated":true}]}}