{"id":4106,"date":"2025-11-07T19:54:57","date_gmt":"2025-11-07T18:54:57","guid":{"rendered":"https:\/\/feuerwehr.duens.at\/?page_id=4106"},"modified":"2025-11-07T20:33:44","modified_gmt":"2025-11-07T19:33:44","slug":"geschichte","status":"publish","type":"page","link":"https:\/\/feuerwehr.duens.at\/?page_id=4106","title":{"rendered":"Geschichte"},"content":{"rendered":"\n<p><strong>Die Freiwillige Feuerwehr D\u00fcns wurde am 27. April 1913 gegr\u00fcndet und ist seither ein unverzichtbarer Teil des gesellschaftlichen und sicherheitsrelevanten Lebens in der Gemeinde.<\/strong><\/p>\n\n\n\n<p><\/p>\n\n\n\n<div class=\"wp-block-columns are-vertically-aligned-top is-layout-flex wp-container-core-columns-is-layout-9d6595d7 wp-block-columns-is-layout-flex\">\n<div class=\"wp-block-column is-vertically-aligned-top is-layout-flow wp-block-column-is-layout-flow\">\n<p>Ein besonderer Schwerpunkt liegt seit jeher in der Nachwuchsarbeit. Die Gr\u00fcndung der Feuerwehrjugend im Jahr 1997 war ein wichtiger Meilenstein. Seither engagieren sich Jugendliche aus D\u00fcns mit Begeisterung im Feuerwehrdienst und tragen wesentlich zum Fortbestand<br>der Einsatzbereitschaft bei.<br><br><\/p>\n<\/div>\n\n\n\n<div class=\"wp-block-column is-vertically-aligned-top is-layout-flow wp-block-column-is-layout-flow\">\n<p>Heute z\u00e4hlt die Feuerwehr D\u00fcns rund 40 aktive Mitglieder, dazu kommen Ehrenmitglieder und die Jugendgruppe. Die technische Ausstattung umfasst moderne Einsatzfahrzeuge,<br>darunter ein TLFA 1500, ein LFA und ein MTF. Mit einer starken Gemeinschaft, klaren Werten und dem Blick nach vorne ist die Freiwillige Feuerwehr D\u00fcns bestens ger\u00fcstet f\u00fcr kommende Aufgaben.<\/p>\n<\/div>\n<\/div>\n\n\n\n\n\n<h2 class=\"wp-block-heading\">Geschichte der Leistungsbewerbe<\/h2>\n\n\n\n<p><strong>Die Feuerwehr D\u00fcns blickt auf eine stolze Bewerbstradition zur\u00fcck \u2013 mit Erfolgen, die Geschichte geschrieben haben. Aktuelle Meilensteine kn\u00fcpfen nahtlos an diese beeindruckende Leistung an.<\/strong><\/p>\n\n\n\n<div class=\"wp-block-columns is-layout-flex wp-container-core-columns-is-layout-9d6595d7 wp-block-columns-is-layout-flex\">\n<div class=\"wp-block-column is-layout-flow wp-block-column-is-layout-flow\">\n<p>Die Feuerwehr D\u00fcns ist auch f\u00fcr ihre rege Teilnahme an Feuerwehrleistungsbewerben bekannt. Schon 1963 qualifizierte sich eine Wettkampfgruppe aus D\u00fcns f\u00fcr die internationalen Bewerbe in Mulhouse \u2013 ein herausragender<br>Erfolg, der bis heute in Erinnerung geblieben ist.<br>Umso erfreulicher ist es, dass 2026 wieder eine Bewerbsgruppe aus D\u00fcns auf der internationalen B\u00fchne vertreten sein wird.<\/p>\n<\/div>\n\n\n\n<div class=\"wp-block-column is-layout-flow wp-block-column-is-layout-flow\">\n<p>Ein weiterer H\u00f6hepunkt war der lang ersehnte Sieg bei den Landesleistungsbewerben 2024 in Lauterach. Die Feuerwehr D\u00fcns konnte sich erstmals den begehrten Goldenen Helm<br>sichern \u2013 ein historischer Moment, der den unerm\u00fcdlichen Trainingsflei\u00df und Teamgeist der Gruppen w\u00fcrdig belohnt hat. Umso erfreulicher ist es, dass im Jahr 2025 der Goldene Helm erfolgreich verteidigt werden konnte \u2013 ein eindrucksvoller Beweis f\u00fcr die anhaltende Leistungsbereitschaft und das hohe Niveau der Wettkampfgruppe. <\/p>\n<\/div>\n<\/div>\n\n\n\n<p><strong>Video: Feuerwehrtreffen in M\u00fchlhausen (Sept. 1963)<\/strong><\/p>\n\n\n\n<iframe loading=\"lazy\" src=\"https:\/\/www.ardmediathek.de\/embed\/Y3JpZDovL3N3ci5kZS9hZXgvbzExNzM3NDQ\" width=\"640\" height=\"360\" allowfullscreen allow=\"clipboard-read; clipboard-write\" frameBorder=\"0\" scrolling=\"no\"><\/iframe>\n\n\n\n<p><\/p>\n","protected":false},"excerpt":{"rendered":"<p>Die Freiwillige Feuerwehr D\u00fcns wurde am 27. April 1913 gegr\u00fcndet und ist seither ein unverzichtbarer Teil des gesellschaftlichen und sicherheitsrelevanten Lebens in der Gemeinde. Ein besonderer Schwerpunkt liegt seit jeher &#8230;<\/p>\n","protected":false},"author":3,"featured_media":0,"parent":3833,"menu_order":0,"comment_status":"closed","ping_status":"closed","template":"","meta":{"ngg_post_thumbnail":0,"footnotes":""},"class_list":["post-4106","page","type-page","status-publish","hentry"],"_links":{"self":[{"href":"https:\/\/feuerwehr.duens.at\/index.php?rest_route=\/wp\/v2\/pages\/4106","targetHints":{"allow":["GET"]}}],"collection":[{"href":"https:\/\/feuerwehr.duens.at\/index.php?rest_route=\/wp\/v2\/pages"}],"about":[{"href":"https:\/\/feuerwehr.duens.at\/index.php?rest_route=\/wp\/v2\/types\/page"}],"author":[{"embeddable":true,"href":"https:\/\/feuerwehr.duens.at\/index.php?rest_route=\/wp\/v2\/users\/3"}],"replies":[{"embeddable":true,"href":"https:\/\/feuerwehr.duens.at\/index.php?rest_route=%2Fwp%2Fv2%2Fcomments&post=4106"}],"version-history":[{"count":4,"href":"https:\/\/feuerwehr.duens.at\/index.php?rest_route=\/wp\/v2\/pages\/4106\/revisions"}],"predecessor-version":[{"id":4111,"href":"https:\/\/feuerwehr.duens.at\/index.php?rest_route=\/wp\/v2\/pages\/4106\/revisions\/4111"}],"up":[{"embeddable":true,"href":"https:\/\/feuerwehr.duens.at\/index.php?rest_route=\/wp\/v2\/pages\/3833"}],"wp:attachment":[{"href":"https:\/\/feuerwehr.duens.at\/index.php?rest_route=%2Fwp%2Fv2%2Fmedia&parent=4106"}],"curies":[{"name":"wp","href":"https:\/\/api.w.org\/{rel}","templated":true}]}}